{"id":27,"date":"2012-11-08T13:24:40","date_gmt":"2012-11-08T12:24:40","guid":{"rendered":"https:\/\/www.quartier-waldacker.de\/?page_id=27"},"modified":"2024-09-22T10:11:57","modified_gmt":"2024-09-22T08:11:57","slug":"kontakt","status":"publish","type":"page","link":"https:\/\/www.quartier-waldacker.de\/?page_id=27","title":{"rendered":"Impressum"},"content":{"rendered":"<div class=\"entry-content\">\n<h2><span style=\"font-family: arial,helvetica,sans-serif;\">Angaben gem\u00e4\u00df \u00a7 5 TMG:<\/span><\/h2>\n<p><span style=\"font-family: arial,helvetica,sans-serif;\">Quartier-Waldacker\/ Nachbarn helfen Nachbarn<br \/>\nJohannes Ohnesorg<\/span><br \/>\n<span style=\"font-family: arial,helvetica,sans-serif;\">Goethestra\u00dfe 39<\/span><br \/>\n<span style=\"font-family: arial,helvetica,sans-serif;\"> 63322 R\u00f6dermark<\/span><\/p>\n<h2><span style=\"font-family: arial,helvetica,sans-serif;\">Kontakt:<\/span><\/h2>\n<table>\n<tbody>\n<tr>\n<td><span style=\"font-family: arial,helvetica,sans-serif;\">Telefon:<\/span><\/td>\n<td><span style=\"font-family: arial,helvetica,sans-serif;\">06074-97648<\/span><\/td>\n<\/tr>\n<tr>\n<td><span style=\"font-family: arial,helvetica,sans-serif;\">E-Mail:<\/span><\/td>\n<td><span style=\"font-family: arial,helvetica,sans-serif;\">admin@quartier-waldacker.de<\/span><\/td>\n<\/tr>\n<\/tbody>\n<\/table>\n<h2><span style=\"font-family: arial,helvetica,sans-serif;\">Verantwortlich f\u00fcr den Inhalt nach \u00a7 55 Abs. 2 RStV:<\/span><\/h2>\n<p><span style=\"font-family: arial,helvetica,sans-serif;\">Alle nicht n\u00e4her gekennzeichneten Fotos wurden erstellt von Johannes Ohnesorg<\/span><br \/>\n<span style=\"font-family: arial,helvetica,sans-serif;\">Grafiken: Pixabay<\/span><br \/>\n<span style=\"font-family: arial,helvetica,sans-serif;\">Johannes Ohnesorg<br \/>\nLuftbild: Fotoclub R\u00f6dermark<\/span><br \/>\n<span style=\"font-family: arial,helvetica,sans-serif;\">Quelle: <em><a href=\"https:\/\/www.e-recht24.de\">eRecht24<\/a><\/em><\/span><\/p>\n<\/div>\n","protected":false},"excerpt":{"rendered":"<p>Angaben gem\u00e4\u00df \u00a7 5 TMG: Quartier-Waldacker\/ Nachbarn helfen Nachbarn Johannes Ohnesorg Goethestra\u00dfe 39 63322 R\u00f6dermark Kontakt: Telefon: 06074-97648 E-Mail: admin@quartier-waldacker.de Verantwortlich f\u00fcr den Inhalt nach \u00a7 55 Abs. 2 RStV: Alle nicht n\u00e4her gekennzeichneten Fotos wurden erstellt von Johannes Ohnesorg Grafiken: Pixabay Johannes Ohnesorg Luftbild: Fotoclub R\u00f6dermark Quelle: eRecht24<\/p>\n","protected":false},"author":1,"featured_media":0,"parent":0,"menu_order":15,"comment_status":"open","ping_status":"closed","template":"","meta":{"generate_page_header":"","footnotes":""},"class_list":["post-27","page","type-page","status-publish"],"jetpack-related-posts":[{"id":21548,"url":"https:\/\/www.quartier-waldacker.de\/?page_id=21548","url_meta":{"origin":27,"position":0},"title":"Links","author":"admin","date":"15. Januar 2023","format":false,"excerpt":"\u00dcbersicht Barrierefrei Wheelmap - Rollstuhlgerechte Orte finden.\u00a0 Online-Karte zum Suchen, Finden und Markieren rollstuhlgerechter Orte. Bildung Bundeszentrale f\u00fcr politische Bildung Unser Quartier Online-Gemeinschaften \u00e4lterer Menschen Onleihe die 24-Stunden-Bibliothek Digitale Medien rund um die Uhr downloaden.Nutzen Sie unseren neuen Service der Stadtb\u00fccherei R\u00f6dermark Stadtb\u00fccherei R\u00f6dermarkStadtb\u00fccherei mit ca. 45.000 Medien, darunter Sachb\u00fccher\u2026","rel":"","context":"Similar post","block_context":{"text":"Similar post","link":""},"img":{"alt_text":"","src":"https:\/\/i0.wp.com\/www.quartier-waldacker.de\/wp-content\/uploads\/2017\/01\/Links_bearbeitet-1.jpg?fit=1200%2C281&ssl=1&resize=350%2C200","width":350,"height":200,"srcset":"https:\/\/i0.wp.com\/www.quartier-waldacker.de\/wp-content\/uploads\/2017\/01\/Links_bearbeitet-1.jpg?fit=1200%2C281&ssl=1&resize=350%2C200 1x, https:\/\/i0.wp.com\/www.quartier-waldacker.de\/wp-content\/uploads\/2017\/01\/Links_bearbeitet-1.jpg?fit=1200%2C281&ssl=1&resize=525%2C300 1.5x, https:\/\/i0.wp.com\/www.quartier-waldacker.de\/wp-content\/uploads\/2017\/01\/Links_bearbeitet-1.jpg?fit=1200%2C281&ssl=1&resize=700%2C400 2x, https:\/\/i0.wp.com\/www.quartier-waldacker.de\/wp-content\/uploads\/2017\/01\/Links_bearbeitet-1.jpg?fit=1200%2C281&ssl=1&resize=1050%2C600 3x"},"classes":[]},{"id":24027,"url":"https:\/\/www.quartier-waldacker.de\/?page_id=24027","url_meta":{"origin":27,"position":1},"title":"Ansprechpartner\/innen","author":"admin","date":"21. April 2024","format":false,"excerpt":"\u00a0 Arbeitsgruppen Ansprechpartner Kontakt-Adresse HomepageFacebook Johannes OhnesorgBodo Berger admin@quartier-waldacker.debodo@quartier-waldacker.de Quartier-Waldacker ( allgemein) Annemarie Eck annemarie@quartier-waldacker.de Museumstouren Ursula Roebke ursula@quartier-waldacker.de Margret Schierenbeck museumstour@quartier-waldacker.de Nordic Walking Ursula Roebke ursula@quartier-waldacker.de Spazierwandern Margret Schierenbeck museumstour@quartier-waldacker.de smovey-Training Angelika Tank angelika@quartier-waldacker.de Radfahren Gerhard Elsesser gerhard.elsesser@t-online.de Reinhold Harnoth reinhold.harnoth@mail.de Digitale Hilfe Johannes Ohnesorg admin@quartier-waldacker.de Kulinarische Reise durch\u2026","rel":"","context":"Similar post","block_context":{"text":"Similar post","link":""},"img":{"alt_text":"","src":"https:\/\/i0.wp.com\/www.quartier-waldacker.de\/wp-content\/uploads\/2024\/04\/Header_TeamQW.jpg?resize=350%2C200&ssl=1","width":350,"height":200,"srcset":"https:\/\/i0.wp.com\/www.quartier-waldacker.de\/wp-content\/uploads\/2024\/04\/Header_TeamQW.jpg?resize=350%2C200&ssl=1 1x, https:\/\/i0.wp.com\/www.quartier-waldacker.de\/wp-content\/uploads\/2024\/04\/Header_TeamQW.jpg?resize=525%2C300&ssl=1 1.5x, https:\/\/i0.wp.com\/www.quartier-waldacker.de\/wp-content\/uploads\/2024\/04\/Header_TeamQW.jpg?resize=700%2C400&ssl=1 2x, https:\/\/i0.wp.com\/www.quartier-waldacker.de\/wp-content\/uploads\/2024\/04\/Header_TeamQW.jpg?resize=1050%2C600&ssl=1 3x"},"classes":[]},{"id":20868,"url":"https:\/\/www.quartier-waldacker.de\/?page_id=20868","url_meta":{"origin":27,"position":2},"title":"10 Jahre Quartier-Waldacker","author":"admin","date":"26. Juli 2022","format":false,"excerpt":"","rel":"","context":"Similar post","block_context":{"text":"Similar post","link":""},"img":{"alt_text":"","src":"https:\/\/i0.wp.com\/www.quartier-waldacker.de\/wp-content\/uploads\/2022\/07\/IMG_6756_1280_1-2.jpg?fit=1200%2C643&ssl=1&resize=350%2C200","width":350,"height":200,"srcset":"https:\/\/i0.wp.com\/www.quartier-waldacker.de\/wp-content\/uploads\/2022\/07\/IMG_6756_1280_1-2.jpg?fit=1200%2C643&ssl=1&resize=350%2C200 1x, https:\/\/i0.wp.com\/www.quartier-waldacker.de\/wp-content\/uploads\/2022\/07\/IMG_6756_1280_1-2.jpg?fit=1200%2C643&ssl=1&resize=525%2C300 1.5x, https:\/\/i0.wp.com\/www.quartier-waldacker.de\/wp-content\/uploads\/2022\/07\/IMG_6756_1280_1-2.jpg?fit=1200%2C643&ssl=1&resize=700%2C400 2x, https:\/\/i0.wp.com\/www.quartier-waldacker.de\/wp-content\/uploads\/2022\/07\/IMG_6756_1280_1-2.jpg?fit=1200%2C643&ssl=1&resize=1050%2C600 3x"},"classes":[]},{"id":18136,"url":"https:\/\/www.quartier-waldacker.de\/?page_id=18136","url_meta":{"origin":27,"position":3},"title":"QW &#8211; intern","author":"admin","date":"10. Mai 2018","format":false,"excerpt":"","rel":"","context":"Similar post","block_context":{"text":"Similar post","link":""},"img":{"alt_text":"","src":"","width":0,"height":0},"classes":[]},{"id":11233,"url":"https:\/\/www.quartier-waldacker.de\/?page_id=11233","url_meta":{"origin":27,"position":4},"title":"Ansprechpartner\/innen","author":"admin","date":"14. Januar 2017","format":false,"excerpt":"\u00a0 Quartiersangelegenheiten\u00a0 und\u00a0 Organisatorin \"Kulinarische Reise durch und um R\u00f6dermark\" Annemarie Eck Tel.: 97967 E-Mail:\u00a0annemarie@quartier-waldacker.de Homepage und PC Hilfestellung Johannes Ohnesorg Am Buchrain 8 R\u00f6dermark Tel. 06074-97648 E-Mail: admin@Quartier-Waldacker.de \u00a0","rel":"","context":"Similar post","block_context":{"text":"Similar post","link":""},"img":{"alt_text":"","src":"https:\/\/i0.wp.com\/www.quartier-waldacker.de\/wp-content\/uploads\/2017\/04\/annemarie-221x300.jpg?resize=350%2C200&ssl=1","width":350,"height":200},"classes":[]},{"id":17849,"url":"https:\/\/www.quartier-waldacker.de\/?page_id=17849","url_meta":{"origin":27,"position":5},"title":"Termine  der Radlergruppe Quartier-waldacker","author":"admin","date":"16. April 2018","format":false,"excerpt":"","rel":"","context":"Similar post","block_context":{"text":"Similar post","link":""},"img":{"alt_text":"","src":"","width":0,"height":0},"classes":[]}],"jetpack_sharing_enabled":true,"rttpg_featured_image_url":null,"rttpg_author":{"display_name":"admin","author_link":"https:\/\/www.quartier-waldacker.de\/?author=1"},"rttpg_comment":2,"rttpg_category":null,"rttpg_excerpt":"Angaben gem\u00e4\u00df \u00a7 5 TMG: Quartier-Waldacker\/ Nachbarn helfen Nachbarn Johannes Ohnesorg Goethestra\u00dfe 39 63322 R\u00f6dermark Kontakt: Telefon: 06074-97648 E-Mail: admin@quartier-waldacker.de Verantwortlich f\u00fcr den Inhalt nach \u00a7 55 Abs. 2 RStV: Alle nicht n\u00e4her gekennzeichneten Fotos wurden erstellt von Johannes Ohnesorg Grafiken: Pixabay Johannes Ohnesorg Luftbild: Fotoclub R\u00f6dermark Quelle: eRecht24","_links":{"self":[{"href":"https:\/\/www.quartier-waldacker.de\/index.php?rest_route=\/wp\/v2\/pages\/27","targetHints":{"allow":["GET"]}}],"collection":[{"href":"https:\/\/www.quartier-waldacker.de\/index.php?rest_route=\/wp\/v2\/pages"}],"about":[{"href":"https:\/\/www.quartier-waldacker.de\/index.php?rest_route=\/wp\/v2\/types\/page"}],"author":[{"embeddable":true,"href":"https:\/\/www.quartier-waldacker.de\/index.php?rest_route=\/wp\/v2\/users\/1"}],"replies":[{"embeddable":true,"href":"https:\/\/www.quartier-waldacker.de\/index.php?rest_route=%2Fwp%2Fv2%2Fcomments&post=27"}],"version-history":[{"count":0,"href":"https:\/\/www.quartier-waldacker.de\/index.php?rest_route=\/wp\/v2\/pages\/27\/revisions"}],"wp:attachment":[{"href":"https:\/\/www.quartier-waldacker.de\/index.php?rest_route=%2Fwp%2Fv2%2Fmedia&parent=27"}],"curies":[{"name":"wp","href":"https:\/\/api.w.org\/{rel}","templated":true}]}}